{"id":301,"date":"2022-04-25T14:49:40","date_gmt":"2022-04-25T12:49:40","guid":{"rendered":"http:\/\/www.camping-finsterhof.eu\/?page_id=301"},"modified":"2025-06-08T00:09:53","modified_gmt":"2025-06-07T22:09:53","slug":"angebote","status":"publish","type":"page","link":"https:\/\/camping-finsterhof.eu\/?page_id=301","title":{"rendered":"Angebote"},"content":{"rendered":"\n<p class=\"has-text-color has-medium-font-size\" style=\"color:#3c7227\"><strong>Bei uns f\u00fchlt man sich rund um wohl!<\/strong><\/p>\n\n\n\n<p class=\"has-black-color has-text-color\">Wir erweitern unsere Angebote f\u00fcr unsere G\u00e4ste st\u00e4ndig, damit es ein Urlaub mit tollen Erinnerungen wird! Mit Partnern und aktuellen Infos aus der Umgebung gibt es hier viel zu erleben.<\/p>\n\n\n\n<p class=\"has-black-color has-text-color\"><strong>Es ist f\u00fcr jeden etwas dabei: <\/strong>Egal ob Entspannung f\u00fcr K\u00f6rper, Geist und Seele, Sport, Action, Bildung, Workshops, Kinderangebote, Veranstaltungen und vieles mehr!<\/p>\n\n\n\n<p>Zum <a href=\"https:\/\/camping-finsterhof.eu\/?page_id=895\">Newsletter<\/a> anmelden und keine Neuigkeiten mehr verpassen!<\/p>\n\n\n\n<hr class=\"wp-block-separator has-css-opacity\"\/>\n\n\n\n<p class=\"has-text-color\" style=\"color:#3c7227;font-size:clamp(16.293px, 1.018rem + ((1vw - 3.2px) * 0.854), 25px);\"><strong>Angebote am Campingplatz Finsterhof<\/strong><\/p>\n\n\n\n<p class=\"has-medium-font-size\"><strong>TUT GUT!<\/strong><\/p>\n\n\n\n<p>&#8211;> auch Einzelcoachings m\u00f6glich<\/p>\n\n\n\n<p>Massagen<br>Atem\u00fcbungen<br>Meditationen &amp; Klangreisen &amp; Tiermeditation<br>Motivationsseminar<br>Nachhilfe vor Ort<br>Bodenbeckentraining &#8211; Mawiba<br>Yoga f\u00fcr Kinder und Erwachsene<br>Kr\u00e4uterwanderungen<br>Kr\u00e4uter-Workshops f\u00fcr Kinder und Erwachsene<br>Ziegenwanderungen<br>Let\u00b4s get fit &#8211; Abnehmkonzept<br><\/p>\n\n\n\n<p class=\"has-medium-font-size\"><strong>Workshops, Kinderprogramm, Veranstaltungen:<\/strong><\/p>\n\n\n\n<p>alle Termine im <a href=\"https:\/\/camping-finsterhof.eu\/?page_id=218\" data-type=\"URL\" data-id=\"https:\/\/camping-finsterhof.eu\/?page_id=218\">Veranstaltungskalender<\/a><\/p>\n\n\n\n<p class=\"has-medium-font-size\"><strong>Lebensmittel:<\/strong><\/p>\n\n\n\n<ul class=\"wp-block-list\">\n<li><strong>Resch &amp; Frisch <\/strong>&#8211; jederzeit Geb\u00e4ck oder Pizza im Aufenthaltsraum zur Verf\u00fcgung.<br><\/li>\n\n\n\n<li><strong>Kochm\u00f6glichkeit im Aufenthaltsraum<\/strong> &#8211; Kochplatten, Mikrowelle, Backautomaten, Wasserkocher, Kaffeemaschine uns Sitzgelegenheiten<br><\/li>\n\n\n\n<li><strong>BIO-Hofladen Teix <\/strong>20 Minuten zu Fu\u00df oder 5 Minuten mit dem Rad entfernt. N\u00e4here Infos an der Rezeption oder am Aushang<br><\/li>\n\n\n\n<li><strong>Frische Milchprodukte:<\/strong> vom Biobauern Fruhauf &#8211; 20 Minuten zu Fu\u00df oder 5 Minuten mit dem Rad entfernt. N\u00e4here Infos an der Rezeption oder am Aushang<br><\/li>\n\n\n\n<li><strong>Honig<\/strong> von Familie Keltscha &#8211; neben Milchbauer Fruhauf in Haberesdorf<br><\/li>\n<\/ul>\n\n\n\n<hr class=\"wp-block-separator has-css-opacity\"\/>\n\n\n\n<p class=\"has-text-color\" style=\"color:#3c7227;font-size:clamp(16.293px, 1.018rem + ((1vw - 3.2px) * 0.854), 25px);\"><strong>Externe Angebote in der Umgebung<\/strong><\/p>\n\n\n\n<p class=\"has-text-color\" style=\"color:#3c7227;font-size:clamp(16.293px, 1.018rem + ((1vw - 3.2px) * 0.854), 25px);\"><strong>Einkaufsm\u00f6glichkeiten:<\/strong><\/p>\n\n\n\n<ul class=\"wp-block-list\">\n<li><strong>Habersdorf:<\/strong>\u00a0<a rel=\"noreferrer noopener\" href=\"https:\/\/www.bio-erlebnishof.at\/wordpress\/?page_id=30\" data-type=\"URL\" data-id=\"https:\/\/www.bio-erlebnishof.at\/wordpress\/?page_id=30\" target=\"_blank\">BIO-Hofladen Teix<\/a> <br>(20 Minuten -Spaziergang vom Campingplatz entfernt)<\/li>\n\n\n\n<li><strong>Asperhofen:<\/strong>&nbsp;K\u00fcrbisranche<\/li>\n\n\n\n<li><a rel=\"noreferrer noopener\" href=\"http:\/\/www.maria-anzbach.at\/Bauernmarkt_Wochenmarkt\" data-type=\"URL\" data-id=\"http:\/\/www.maria-anzbach.at\/Bauernmarkt_Wochenmarkt\" target=\"_blank\">Bauernmarkt Maria Anzbach<\/a><\/li>\n\n\n\n<li><strong>Neulengbach:\u00a0<\/strong>Wochenmarkt mit Messerschleifdienst, Penny, Lidl, Hofer, DM, Pagro, Deichmann, Freissnapf, Lagerhaus, Obi, Interspar, 2 Apotheken, Billa, Fussl Modestra\u00dfe, Palmers, NKD, Schatzkistl, Reformhaus, Sanit\u00e4tshaus, Matrazen Concord, und noch mehr auf\u00a0<a rel=\"noreferrer noopener\" href=\"https:\/\/www.neulengbach.gv.at\/Stadtgemeinde\/Unsere_Gemeinde\/Geschaefte\" target=\"_blank\">der Seite Neulengbach<\/a><\/li>\n<\/ul>\n\n\n\n<hr class=\"wp-block-separator has-css-opacity\"\/>\n\n\n\n<p class=\"has-text-color\" style=\"color:#3c7227;font-size:clamp(16.293px, 1.018rem + ((1vw - 3.2px) * 0.854), 25px);\"><strong>Gesundheit,<\/strong>&nbsp;<strong>Wellness &amp; Fitness:<\/strong><\/p>\n\n\n\n<ul class=\"wp-block-list\">\n<li><a rel=\"noreferrer noopener\" href=\"https:\/\/www.docfinder.at\/suche\/praktischer-arzt\/neulengbach?whereType=municipality&amp;whereId=ccb39fdf-b7f4-4782-b087-59d81724377c&amp;userSubmitted=1&amp;sortBy=relevance&amp;originalWhat=Praktischer+Arzt\" data-type=\"URL\" data-id=\"https:\/\/www.docfinder.at\/suche\/praktischer-arzt\/neulengbach?whereType=municipality&amp;whereId=ccb39fdf-b7f4-4782-b087-59d81724377c&amp;userSubmitted=1&amp;sortBy=relevance&amp;originalWhat=Praktischer+Arzt\" target=\"_blank\">Doc Finder<\/a><\/li>\n\n\n\n<li><a rel=\"noreferrer noopener\" href=\"https:\/\/www.apomedica.com\/apothekenfinder\/?plz=3040\" data-type=\"URL\" data-id=\"https:\/\/www.apomedica.com\/apothekenfinder\/?plz=3040\" target=\"_blank\">Apotheken in der Umgebung<\/a><\/li>\n<\/ul>\n\n\n\n<hr class=\"wp-block-separator has-css-opacity\"\/>\n\n\n\n<p class=\"has-text-color\" style=\"color:#3c7227;font-size:clamp(16.293px, 1.018rem + ((1vw - 3.2px) * 0.854), 25px);\"><strong>Gastro &amp; Kulinarik:<\/strong><\/p>\n\n\n\n<ul class=\"wp-block-list\">\n<li><a rel=\"noreferrer noopener\" href=\"http:\/\/www.gasthaus-fenzl.at\/\" data-type=\"URL\" data-id=\"http:\/\/www.gasthaus-fenzl.at\/\" target=\"_blank\">Gasthaus Fenzl &#8211; Asperhofen<\/a> <\/li>\n\n\n\n<li>Pizzaria Amici<\/li>\n\n\n\n<li><a rel=\"noreferrer noopener\" href=\"https:\/\/m.noen.at\/heurigenkalender\/st-poelten\" data-type=\"URL\" data-id=\"https:\/\/m.noen.at\/heurigenkalender\/st-poelten\" target=\"_blank\">Heurigenkalender Bez. St.P\u00f6lten Land<\/a><\/li>\n\n\n\n<li><a rel=\"noreferrer noopener\" href=\"https:\/\/m.noen.at\/heurigenkalender\/tulln\" data-type=\"URL\" data-id=\"https:\/\/m.noen.at\/heurigenkalender\/tulln\" target=\"_blank\">Heurigenkalender Bez. Tulln<\/a><\/li>\n<\/ul>\n\n\n\n<p>Weitere Infos kommen noch<\/p>\n\n\n\n<hr class=\"wp-block-separator has-css-opacity\"\/>\n\n\n\n<p class=\"has-text-color\" style=\"color:#3c7227;font-size:clamp(16.293px, 1.018rem + ((1vw - 3.2px) * 0.854), 25px);\"><strong>B\u00e4der und Seen:<\/strong><\/p>\n\n\n\n<ul class=\"wp-block-list\">\n<li><a rel=\"noreferrer noopener\" href=\"https:\/\/www.neukom.at\/index.php\/freibad-neulengbach\" target=\"_blank\">Freibad Neulengbach<\/a><\/li>\n\n\n\n<li><a rel=\"noreferrer noopener\" href=\"https:\/\/www.sieghartskirchen.gv.at\/Erlebnisbad\" target=\"_blank\">Freibad Sieghartskirchen<\/a><\/li>\n\n\n\n<li><a rel=\"noreferrer noopener\" href=\"https:\/\/www.wienerwaldbad-eichgraben.at\/\" target=\"_blank\">Freibad Eichgraben\/Wienerwald<\/a><\/li>\n\n\n\n<li><a rel=\"noreferrer noopener\" href=\"https:\/\/www.donausplash.at\/\" data-type=\"URL\" data-id=\"https:\/\/www.donausplash.at\/\" target=\"_blank\">Hallenbad Tulln<\/a><\/li>\n\n\n\n<li><a rel=\"noreferrer noopener\" href=\"https:\/\/erleben.tulln.at\/donau\/entdecken\/aubad-und-erholungspark\" data-type=\"URL\" data-id=\"https:\/\/erleben.tulln.at\/donau\/entdecken\/aubad-und-erholungspark\" target=\"_blank\">Aubad Tulln<\/a><\/li>\n\n\n\n<li><a rel=\"noreferrer noopener\" href=\"https:\/\/www.st-poelten.at\/freizeit\/aktivitaeten\/baeder-seen\/114-aquacity-st-poelten\" data-type=\"URL\" data-id=\"https:\/\/www.st-poelten.at\/freizeit\/aktivitaeten\/baeder-seen\/114-aquacity-st-poelten\" target=\"_blank\">Hallenbad St. P\u00f6lten<\/a><\/li>\n\n\n\n<li><a rel=\"noreferrer noopener\" href=\"https:\/\/www.st-poelten.at\/freizeit\/aktivitaeten\/baeder-seen\/116-citysplash-st-poelten\" data-type=\"URL\" data-id=\"https:\/\/www.st-poelten.at\/freizeit\/aktivitaeten\/baeder-seen\/116-citysplash-st-poelten\" target=\"_blank\">Freibad St. P\u00f6lten<\/a><\/li>\n\n\n\n<li><a href=\"https:\/\/www.st-poelten.at\/freizeit\/aktivitaeten\/baeder-seen\/115-ratzersdorfer-see\" data-type=\"URL\" data-id=\"https:\/\/www.st-poelten.at\/freizeit\/aktivitaeten\/baeder-seen\/115-ratzersdorfer-see\" target=\"_blank\" rel=\"noreferrer noopener\">Ratzersdorfer See St. P\u00f6lten<\/a><\/li>\n\n\n\n<li><a href=\"https:\/\/www.st-poelten.at\/freizeit\/aktivitaeten\/baeder-seen\/117-viehofner-seen\" data-type=\"URL\" data-id=\"https:\/\/www.st-poelten.at\/freizeit\/aktivitaeten\/baeder-seen\/117-viehofner-seen\" target=\"_blank\" rel=\"noreferrer noopener\">Viehofner See St. P\u00f6lten<\/a><\/li>\n<\/ul>\n\n\n\n<hr class=\"wp-block-separator has-css-opacity\"\/>\n\n\n\n<p class=\"has-text-color\" style=\"color:#3c7227;font-size:clamp(16.293px, 1.018rem + ((1vw - 3.2px) * 0.854), 25px);\"><strong>Rad- und Wanderwege:<\/strong><\/p>\n\n\n\n<ul class=\"wp-block-list\">\n<li><a rel=\"noreferrer noopener\" href=\"https:\/\/www.niederoesterreich.at\/tipps\/neulengbach\/wanderwege\" data-type=\"URL\" data-id=\"https:\/\/www.niederoesterreich.at\/tipps\/neulengbach\/wanderwege\" target=\"_blank\">Wanderwege Neulengbach und Umgebung<\/a><\/li>\n\n\n\n<li><a rel=\"noreferrer noopener\" href=\"https:\/\/www.niederoesterreich.at\/tipps\/neulengbach\/radwege\" data-type=\"URL\" data-id=\"https:\/\/www.niederoesterreich.at\/tipps\/neulengbach\/radwege\" target=\"_blank\">Radwege Neulengbach und Umgebung<\/a><\/li>\n\n\n\n<li><a rel=\"noreferrer noopener\" href=\"https:\/\/www.bergfex.at\/sommer\/sankt-poelten\/touren\/wandern\/?type=0&amp;q=3040&amp;min_kondition=&amp;max_kondition=&amp;min_fahrtechnik=&amp;max_fahrtechnik=&amp;min_laenge=&amp;max_laenge=&amp;min_hm=&amp;max_hm=&amp;search=1\" data-type=\"URL\" data-id=\"https:\/\/www.bergfex.at\/sommer\/sankt-poelten\/touren\/wandern\/?type=0&amp;q=3040&amp;min_kondition=&amp;max_kondition=&amp;min_fahrtechnik=&amp;max_fahrtechnik=&amp;min_laenge=&amp;max_laenge=&amp;min_hm=&amp;max_hm=&amp;search=1\" target=\"_blank\">Wandern &#8211; Bergfex<\/a><\/li>\n\n\n\n<li><a rel=\"noreferrer noopener\" href=\"https:\/\/www.outdooractive.com\/de\/wanderwege\/sankt-poelten-land-\/wandern-in-sankt-poelten-land-\/1440038\/\" data-type=\"URL\" data-id=\"https:\/\/www.outdooractive.com\/de\/wanderwege\/sankt-poelten-land-\/wandern-in-sankt-poelten-land-\/1440038\/\" target=\"_blank\">Wandern &#8211; Outdooractive<\/a><\/li>\n<\/ul>\n\n\n\n<hr class=\"wp-block-separator has-css-opacity\"\/>\n\n\n\n<p class=\"has-text-color\" style=\"color:#3c7227;font-size:clamp(16.293px, 1.018rem + ((1vw - 3.2px) * 0.854), 25px);\"><strong>Ausflugsziele:<\/strong><\/p>\n\n\n\n<ul class=\"wp-block-list\">\n<li><a href=\"https:\/\/www.niederoesterreich.at\/tipps\/neulengbach\/ausflugsziele\">Ausflugsziele in Neulengbach und Umgebung<\/a><\/li>\n\n\n\n<li><a rel=\"noreferrer noopener\" href=\"https:\/\/www.niederoesterreich.at\/tipps\/tulln-an-der-donau\/ausflugsziele\" data-type=\"URL\" data-id=\"https:\/\/www.niederoesterreich.at\/tipps\/tulln-an-der-donau\/ausflugsziele\" target=\"_blank\">Ausflugsziele Tulln und Umgebung<\/a><\/li>\n<\/ul>\n\n\n\n<hr class=\"wp-block-separator has-css-opacity\"\/>\n\n\n\n<p class=\"has-text-color\" style=\"color:#3c7227;font-size:clamp(16.293px, 1.018rem + ((1vw - 3.2px) * 0.854), 25px);\"><strong>Sonstiges:<\/strong><\/p>\n\n\n\n<ul class=\"wp-block-list\">\n<li><a href=\"https:\/\/www7.biblioweb.at\/login.htm\">Stadtbibliothek Neulengbach<\/a><\/li>\n\n\n\n<li><a rel=\"noreferrer noopener\" href=\"http:\/\/mediathek-asperhofen.noebib.at\/html\/110\/D\/home.asp?pass=x&amp;p_direct=yes&amp;rn=91299\" target=\"_blank\">Gemeindeb\u00fccherei Asperhofen<\/a><\/li>\n\n\n\n<li><a href=\"https:\/\/www.wienerwaldmuseum.at\/\" data-type=\"URL\" data-id=\"https:\/\/www.wienerwaldmuseum.at\/\" target=\"_blank\" rel=\"noreferrer noopener\">Wienerwald Museum<\/a><\/li>\n<\/ul>\n\n\n\n<hr class=\"wp-block-separator has-css-opacity\"\/>\n\n\n\n<p class=\"has-text-color\" style=\"color:#3c7227;font-size:clamp(16.293px, 1.018rem + ((1vw - 3.2px) * 0.854), 25px);\"><strong>Wo ist was los in der Umgebung:<\/strong><\/p>\n\n\n\n<ul class=\"wp-block-list\">\n<li><a rel=\"noreferrer noopener\" href=\"https:\/\/www.bio-erlebnishof.at\/wordpress\/?page_id=132\" data-type=\"URL\" data-id=\"https:\/\/www.bio-erlebnishof.at\/wordpress\/?page_id=132\" target=\"_blank\">Veranstaltungen Bio-Erlebnishof Teix<\/a> (Kooperationspartner &#8211; Nachbarortschaft)<br>(20 Minuten -Spaziergang vom Campingplatz entfernt)<\/li>\n\n\n\n<li><a rel=\"noreferrer noopener\" href=\"https:\/\/till-eulenspiegel.at\/\" data-type=\"URL\" data-id=\"https:\/\/till-eulenspiegel.at\/\" target=\"_blank\">Disco &#8211; Till Eulenspiegel-Club Neulengbach<\/a> (zu Fu\u00df erreichbar)<\/li>\n<\/ul>\n\n\n\n<ul class=\"wp-block-list\">\n<li><a rel=\"noreferrer noopener\" href=\"http:\/\/www.asperhofen.gv.at\/system\/web\/veranstaltung.aspx?menuonr=218410152&amp;sprache=1\" data-type=\"URL\" data-id=\"http:\/\/www.asperhofen.gv.at\/system\/web\/veranstaltung.aspx?menuonr=218410152&amp;sprache=1\" target=\"_blank\">Veranstaltungskalender Asperhofen<\/a><\/li>\n\n\n\n<li><a rel=\"noreferrer noopener\" href=\"https:\/\/www.neulengbach.gv.at\/Stadtgemeinde\/Unsere_Gemeinde\/Veranstaltungen\" data-type=\"URL\" data-id=\"https:\/\/www.neulengbach.gv.at\/Stadtgemeinde\/Unsere_Gemeinde\/Veranstaltungen\" target=\"_blank\">Veranstaltungskalender Neulengbach<\/a><\/li>\n\n\n\n<li><a rel=\"noreferrer noopener\" href=\"http:\/\/www.maria-anzbach.at\/system\/web\/veranstaltung.aspx?typ=0&amp;gnr_search=864&amp;clicked=1&amp;typen=0&amp;typid=0&amp;vdatum=01.05.2022&amp;bdatum=31.05.2022&amp;showkat=true&amp;useronr=0&amp;menuonr=220254728\" data-type=\"URL\" data-id=\"http:\/\/www.maria-anzbach.at\/system\/web\/veranstaltung.aspx?typ=0&amp;gnr_search=864&amp;clicked=1&amp;typen=0&amp;typid=0&amp;vdatum=01.05.2022&amp;bdatum=31.05.2022&amp;showkat=true&amp;useronr=0&amp;menuonr=220254728\" target=\"_blank\">Veranstaltungskalender Maria Anzbach<\/a><\/li>\n\n\n\n<li><a rel=\"noreferrer noopener\" href=\"https:\/\/www.eichgraben.at\/veranstaltungen\/list\/?tribe_paged=1&amp;tribe_event_display=list&amp;tribe-bar-date=2022-04-30\" data-type=\"URL\" data-id=\"https:\/\/www.eichgraben.at\/veranstaltungen\/list\/?tribe_paged=1&amp;tribe_event_display=list&amp;tribe-bar-date=2022-04-30\" target=\"_blank\">Veranstaltungskalender Eichgraben<\/a><\/li>\n\n\n\n<li><a rel=\"noreferrer noopener\" href=\"https:\/\/www.elsbeere-wienerwald.at\/Region\/Veranstaltungskalender\" data-type=\"URL\" data-id=\"https:\/\/www.elsbeere-wienerwald.at\/Region\/Veranstaltungskalender\" target=\"_blank\">Veranstaltungskalender Elsbeere-Wienerwald<\/a><\/li>\n\n\n\n<li><a rel=\"noreferrer noopener\" href=\"https:\/\/www.szene1.at\/events\" data-type=\"URL\" data-id=\"https:\/\/www.szene1.at\/events\" target=\"_blank\">Eventkalender Szene1<\/a><\/li>\n\n\n\n<li><a href=\"https:\/\/veranstaltungen.niederoesterreich.at\/\">Veranstaltungskalender Nieder\u00f6sterreich<\/a><\/li>\n\n\n\n<li><a href=\"https:\/\/www.krone.at\/events\/region\/\">Veranstaltungen in \u00d6sterreich &#8211; krone.at<\/a><\/li>\n<\/ul>\n","protected":false},"excerpt":{"rendered":"<p>Bei uns f\u00fchlt man sich rund um wohl! Wir erweitern unsere Angebote f\u00fcr unsere G\u00e4ste st\u00e4ndig, damit es ein Urlaub mit tollen Erinnerungen wird! Mit Partnern und aktuellen Infos aus der Umgebung gibt es hier viel zu erleben. Es ist f\u00fcr jeden etwas dabei: Egal ob Entspannung f\u00fcr K\u00f6rper, Geist und Seele, Sport, Action, Bildung, [&hellip;]<\/p>\n","protected":false},"author":3,"featured_media":0,"parent":0,"menu_order":0,"comment_status":"closed","ping_status":"closed","template":"","meta":{"footnotes":""},"class_list":["post-301","page","type-page","status-publish","hentry"],"_links":{"self":[{"href":"https:\/\/camping-finsterhof.eu\/index.php?rest_route=\/wp\/v2\/pages\/301","targetHints":{"allow":["GET"]}}],"collection":[{"href":"https:\/\/camping-finsterhof.eu\/index.php?rest_route=\/wp\/v2\/pages"}],"about":[{"href":"https:\/\/camping-finsterhof.eu\/index.php?rest_route=\/wp\/v2\/types\/page"}],"author":[{"embeddable":true,"href":"https:\/\/camping-finsterhof.eu\/index.php?rest_route=\/wp\/v2\/users\/3"}],"replies":[{"embeddable":true,"href":"https:\/\/camping-finsterhof.eu\/index.php?rest_route=%2Fwp%2Fv2%2Fcomments&post=301"}],"version-history":[{"count":40,"href":"https:\/\/camping-finsterhof.eu\/index.php?rest_route=\/wp\/v2\/pages\/301\/revisions"}],"predecessor-version":[{"id":1304,"href":"https:\/\/camping-finsterhof.eu\/index.php?rest_route=\/wp\/v2\/pages\/301\/revisions\/1304"}],"wp:attachment":[{"href":"https:\/\/camping-finsterhof.eu\/index.php?rest_route=%2Fwp%2Fv2%2Fmedia&parent=301"}],"curies":[{"name":"wp","href":"https:\/\/api.w.org\/{rel}","templated":true}]}}