{"id":376,"date":"2022-04-30T23:02:07","date_gmt":"2022-04-30T21:02:07","guid":{"rendered":"http:\/\/www.camping-finsterhof.eu\/?page_id=376"},"modified":"2023-06-16T13:07:05","modified_gmt":"2023-06-16T11:07:05","slug":"ganzkoerper-fitness-feel-good-training-mit-julia","status":"publish","type":"page","link":"https:\/\/camping-finsterhof.eu\/?page_id=376","title":{"rendered":"Ganzk\u00f6rper Fitness &#8211; Feel good Training mit Julia"},"content":{"rendered":"\n<p>Leichtes Ganzk\u00f6rper Fitnesstraining f\u00fcr Anf\u00e4nger u Fortgeschrittene mit viel Mobilisation, Dehnen, sanften Kraft\u00fcbungen &amp; Spa\u00df!<\/p>\n\n\n\n<p><strong><a href=\"https:\/\/handwerksleut.wordpress.com\/ganzkorper-fitness-feel-good-training-mit-julia\/\">Ganzk\u00f6rper Fitness \u2013 Feel good Training &amp; Yoga mit Julia<\/a><\/strong><br>(Yoga auf Anfrage)<br>F\u00fcr Jugendliche und Erwachsene<br>jeden Mittwoch von 18:30 &#8211; 19:30 Uhr<br><strong>1. Termin: Mi. <\/strong>im April &#8211; Auf Nachfrage wegen Wetter<br><em>(ausgenommen 19.4. \/ 10.5. \/ 20.9.2023)<\/em><\/p>\n\n\n\n<p><strong>Teilnehmeranzahl:<\/strong> ab 5 Personen<\/p>\n\n\n\n<p><strong>Kosten:<\/strong> \u20ac 10,00<\/p>\n\n\n\n<p><strong>Hinweis:<\/strong> Bequeme Kleidung, Schuhe mit gutem Halt oder Barfu\u00df. Bitte Matte, Handtuch und Trinken mit bringen.<\/p>\n\n\n\n<hr class=\"wp-block-separator has-css-opacity\"\/>\n\n\n\n<p>Anmeldung bei der Rezeption oder <a href=\"https:\/\/camping-finsterhof.eu\/?page_id=382\" data-type=\"URL\" data-id=\"https:\/\/camping-finsterhof.eu\/?page_id=382\" target=\"_blank\" rel=\"noreferrer noopener\">online<\/a>.<br>Zahlung in Bar vor Ort bei Julia.<\/p>\n\n\n\n<p style=\"font-size:clamp(16.293px, 1.018rem + ((1vw - 3.2px) * 0.854), 25px);\"><strong>Termine:<\/strong><\/p>\n\n\n\n<p class=\"has-text-color has-medium-font-size\" style=\"color:#3c7227\"><strong>Mai<\/strong><\/p>\n\n\n\n<ul class=\"wp-block-list\"><li>Mi. 18.5.2022<br>18:30 &#8211; 19:30 Uhr<\/li><\/ul>\n\n\n\n<ul class=\"wp-block-list\"><li>Mi. 25.5.2022<br>18:30 &#8211; 19:30 Uhr<\/li><\/ul>\n\n\n\n<p class=\"has-text-color has-medium-font-size\" style=\"color:#3c7227\"><strong>Juni<\/strong><\/p>\n\n\n\n<ul class=\"wp-block-list\"><li>Mi. 1.6.2022<br>18:30 &#8211; 19:30 Uhr<\/li><\/ul>\n\n\n\n<ul class=\"wp-block-list\"><li>Mi. 8.6.2022<br>18:30 &#8211; 19:30 Uhr<\/li><\/ul>\n\n\n\n<ul class=\"wp-block-list\"><li>Mi. 15.6.2022<br>18:30 &#8211; 19:30 Uhr<\/li><\/ul>\n\n\n\n<ul class=\"wp-block-list\"><li>Mi. 29.6.2022<br>18:30 &#8211; 19:30 Uhr<\/li><\/ul>\n\n\n\n<p class=\"has-text-color has-medium-font-size\" style=\"color:#3c7227\"><strong>Juli<\/strong><\/p>\n\n\n\n<ul class=\"wp-block-list\"><li>Mi. 6.7.2022<br>18:30 &#8211; 19:30 Uhr<\/li><\/ul>\n\n\n\n<ul class=\"wp-block-list\"><li>Mi. 20.7.2022<br>18:30 &#8211; 19:30 Uhr<\/li><\/ul>\n\n\n\n<ul class=\"wp-block-list\"><li>Mi. 27.7.2022<br>18:30 &#8211; 19:30 Uhr<\/li><\/ul>\n\n\n\n<p class=\"has-text-color has-medium-font-size\" style=\"color:#3c7227\"><strong>August<\/strong><\/p>\n\n\n\n<ul class=\"wp-block-list\"><li>Mi. 3.8.2022<br>18:30 &#8211; 19:30 Uhr<\/li><\/ul>\n\n\n\n<ul class=\"wp-block-list\"><li>Mi. 10.8.2022<br>18:30 &#8211; 19:30 Uhr<\/li><\/ul>\n\n\n\n<ul class=\"wp-block-list\"><li>Mi. 17.8.2022<br>18:30 &#8211; 19:30 Uhr<\/li><\/ul>\n\n\n\n<ul class=\"wp-block-list\"><li>Mi. 24.8.2022<br>18:30 &#8211; 19:30 Uhr<\/li><\/ul>\n\n\n\n<p class=\"has-text-color has-medium-font-size\" style=\"color:#3c7227\"><strong>September<\/strong><\/p>\n\n\n\n<ul class=\"wp-block-list\"><li>Mi. 7.9.2022<br>18:30 &#8211; 19:30 Uhr<\/li><\/ul>\n\n\n\n<ul class=\"wp-block-list\"><li>Mi. 14.9.2022<br>18:30 &#8211; 19:30 Uhr<\/li><\/ul>\n\n\n\n<ul class=\"wp-block-list\"><li>Mi. 21.9.2022<br>18:30 &#8211; 19:30 Uhr<\/li><\/ul>\n\n\n\n<ul class=\"wp-block-list\"><li>Mi. 28.9.2022<br>18:30 &#8211; 19:30 Uhr<\/li><\/ul>\n\n\n\n<p>weitere Termine folgen.<\/p>\n\n\n\n<p><a href=\"https:\/\/camping-finsterhof.eu\/?page_id=382\" data-type=\"URL\" data-id=\"https:\/\/camping-finsterhof.eu\/?page_id=382\" target=\"_blank\" rel=\"noreferrer noopener\">Anmeldung &#8211; klick hier<\/a><\/p>\n","protected":false},"excerpt":{"rendered":"<p>Leichtes Ganzk\u00f6rper Fitnesstraining f\u00fcr Anf\u00e4nger u Fortgeschrittene mit viel Mobilisation, Dehnen, sanften Kraft\u00fcbungen &amp; Spa\u00df! Ganzk\u00f6rper Fitness \u2013 Feel good Training &amp; Yoga mit Julia(Yoga auf Anfrage)F\u00fcr Jugendliche und Erwachsenejeden Mittwoch von 18:30 &#8211; 19:30 Uhr1. Termin: Mi. im April &#8211; Auf Nachfrage wegen Wetter(ausgenommen 19.4. \/ 10.5. \/ 20.9.2023) Teilnehmeranzahl: ab 5 Personen Kosten: [&hellip;]<\/p>\n","protected":false},"author":3,"featured_media":0,"parent":0,"menu_order":0,"comment_status":"closed","ping_status":"closed","template":"","meta":{"footnotes":""},"class_list":["post-376","page","type-page","status-publish","hentry"],"_links":{"self":[{"href":"https:\/\/camping-finsterhof.eu\/index.php?rest_route=\/wp\/v2\/pages\/376","targetHints":{"allow":["GET"]}}],"collection":[{"href":"https:\/\/camping-finsterhof.eu\/index.php?rest_route=\/wp\/v2\/pages"}],"about":[{"href":"https:\/\/camping-finsterhof.eu\/index.php?rest_route=\/wp\/v2\/types\/page"}],"author":[{"embeddable":true,"href":"https:\/\/camping-finsterhof.eu\/index.php?rest_route=\/wp\/v2\/users\/3"}],"replies":[{"embeddable":true,"href":"https:\/\/camping-finsterhof.eu\/index.php?rest_route=%2Fwp%2Fv2%2Fcomments&post=376"}],"version-history":[{"count":4,"href":"https:\/\/camping-finsterhof.eu\/index.php?rest_route=\/wp\/v2\/pages\/376\/revisions"}],"predecessor-version":[{"id":1057,"href":"https:\/\/camping-finsterhof.eu\/index.php?rest_route=\/wp\/v2\/pages\/376\/revisions\/1057"}],"wp:attachment":[{"href":"https:\/\/camping-finsterhof.eu\/index.php?rest_route=%2Fwp%2Fv2%2Fmedia&parent=376"}],"curies":[{"name":"wp","href":"https:\/\/api.w.org\/{rel}","templated":true}]}}